{"id":366,"date":"2023-07-05T17:33:45","date_gmt":"2023-07-05T17:33:45","guid":{"rendered":"https:\/\/alfieripasteleria.com\/www\/?page_id=366"},"modified":"2023-08-25T14:01:23","modified_gmt":"2023-08-25T14:01:23","slug":"tortas-especiales","status":"publish","type":"page","link":"https:\/\/alfieripasteleria.com\/www\/tortas-especiales\/","title":{"rendered":"Tortas Especiales"},"content":{"rendered":"<p>[et_pb_section fb_built=\u00bb1&#8243; admin_label=\u00bbsection\u00bb _builder_version=\u00bb4.6.4&#8243; custom_margin=\u00bb||-68px||false|false\u00bb][et_pb_row admin_label=\u00bbrow\u00bb _builder_version=\u00bb3.25&#8243; background_size=\u00bbinitial\u00bb background_position=\u00bbtop_left\u00bb background_repeat=\u00bbrepeat\u00bb][et_pb_column type=\u00bb4_4&#8243; _builder_version=\u00bb3.25&#8243; custom_padding=\u00bb|||\u00bb custom_padding__hover=\u00bb|||\u00bb][et_pb_slider _builder_version=\u00bb4.6.4&#8243; _module_preset=\u00bbdefault\u00bb][et_pb_slide heading=\u00bbEl taller de Alfieri\u00bb image=\u00bbhttps:\/\/alfieripasteleria.com\/www\/wp-content\/uploads\/2023\/07\/16.jpg\u00bb _builder_version=\u00bb4.6.4&#8243; _module_preset=\u00bbdefault\u00bb sticky_transition=\u00bbon\u00bb]<\/p>\n<p>En Alfieri dise\u00f1amos Tortas para ocasiones especiales con m\u00e1ximo cuidado y cari\u00f1o para que tu evento salga perfecto<\/p>\n<p>[\/et_pb_slide][\/et_pb_slider][et_pb_text _builder_version=\u00bb4.6.4&#8243; _module_preset=\u00bbdefault\u00bb]<\/p>\n<h1 style=\"text-align: center;\"><strong><span style=\"color: #be2741;\">PROCESO DE CONTRATACI\u00d3N<\/span><\/strong><\/h1>\n<p style=\"text-align: center;\">Queremos guiarte en el proceso para encargar y pedir tu torta personalizada para cada ocasi\u00f3n. \u00a1Cont\u00e1ctanos para orientarte!<\/p>\n<p>[\/et_pb_text][\/et_pb_column][\/et_pb_row][\/et_pb_section][et_pb_section fb_built=\u00bb1&#8243; admin_label=\u00bbsection\u00bb _builder_version=\u00bb4.6.4&#8243;][et_pb_row _builder_version=\u00bb4.6.4&#8243; _module_preset=\u00bbdefault\u00bb background_enable_color=\u00bboff\u00bb][et_pb_column type=\u00bb4_4&#8243; _builder_version=\u00bb4.6.4&#8243; _module_preset=\u00bbdefault\u00bb][et_pb_text _builder_version=\u00bb4.6.4&#8243; _module_preset=\u00bbdefault\u00bb]<\/p>\n<h1 style=\"text-align: center;\">\u00a1Elige la Torta para esa ocasi\u00f3n especial!<\/h1>\n<p>[\/et_pb_text][\/et_pb_column][\/et_pb_row][et_pb_row column_structure=\u00bb1_3,1_3,1_3&#8243; admin_label=\u00bbrow\u00bb _builder_version=\u00bb3.25&#8243; background_size=\u00bbinitial\u00bb background_position=\u00bbtop_left\u00bb background_repeat=\u00bbrepeat\u00bb][et_pb_column type=\u00bb1_3&#8243; _builder_version=\u00bb3.25&#8243; custom_padding=\u00bb|||\u00bb custom_padding__hover=\u00bb|||\u00bb][et_pb_pricing_tables featured_table_bullet_color=\u00bb#ffffff\u00bb bullet_color=\u00bb#ffffff\u00bb _builder_version=\u00bb4.6.4&#8243; _module_preset=\u00bbdefault\u00bb][et_pb_pricing_table featured=\u00bbon\u00bb title=\u00bbTortas Personalizadas\u00bb subtitle=\u00bbDesde\u00bb currency=\u00bbS\/.\u00bb sum=\u00bb150&#8243; button_url=\u00bbhttps:\/\/api.whatsapp.com\/send\/?phone=51933898696&#038;text=Hola%2C+quiero+una+torta+personalizada&#038;type=phone_number&#038;app_absent=0&#8243; button_text=\u00bbContratar\u00bb bullet_color=\u00bb#ffffff\u00bb _builder_version=\u00bb4.6.4&#8243; _module_preset=\u00bbdefault\u00bb body_line_height=\u00bb1em\u00bb background_enable_image=\u00bboff\u00bb sticky_transition=\u00bbon\u00bb]<\/p>\n<p><img loading=\"lazy\" decoding=\"async\" src=\"https:\/\/alfieripasteleria.com\/www\/wp-content\/uploads\/2023\/07\/12-300x300.jpg\" width=\"300\" height=\"300\" alt=\"\" class=\"wp-image-390 alignnone size-medium\" \/><\/p>\n<p>12 porciones a S\/. 150<br \/> 16 porciones a S\/. 195<br \/> 20 porciones a S\/. 240<\/p>\n<p>[\/et_pb_pricing_table][\/et_pb_pricing_tables][\/et_pb_column][et_pb_column type=\u00bb1_3&#8243; _builder_version=\u00bb3.25&#8243; custom_padding=\u00bb|||\u00bb custom_padding__hover=\u00bb|||\u00bb][et_pb_pricing_tables featured_table_bullet_color=\u00bb#ffffff\u00bb bullet_color=\u00bb#ffffff\u00bb _builder_version=\u00bb4.6.4&#8243; _module_preset=\u00bbdefault\u00bb hover_enabled=\u00bb0&#8243; sticky_enabled=\u00bb0&#8243;][et_pb_pricing_table featured=\u00bbon\u00bb title=\u00bbTortas con Masa El\u00e1stica\u00bb subtitle=\u00bbDesde\u00bb currency=\u00bbS\/.\u00bb sum=\u00bb160&#8243; button_url=\u00bbhttps:\/\/api.whatsapp.com\/send\/?phone=51933898696&#038;text=Hola%2C+quiero+una+torta+forrada+con+masa+el\u00e1stica&#038;type=phone_number&#038;app_absent=0&#8243; button_text=\u00bbContratar\u00bb _builder_version=\u00bb4.6.4&#8243; _module_preset=\u00bbdefault\u00bb body_line_height=\u00bb1em\u00bb hover_enabled=\u00bb0&#8243; sticky_transition=\u00bbon\u00bb sticky_enabled=\u00bb0&#8243;]<\/p>\n<p><img loading=\"lazy\" decoding=\"async\" src=\"https:\/\/alfieripasteleria.com\/www\/wp-content\/uploads\/2023\/07\/7-300x300.jpg\" width=\"300\" height=\"300\" alt=\"\" class=\"wp-image-385 alignnone size-medium\" \/><\/p>\n<p>10 porciones a S\/. 160<\/p>\n<p>20 porciones a S\/. 290<\/p>\n<p>30 porciones a S\/. 390<\/p>\n<p>[\/et_pb_pricing_table][\/et_pb_pricing_tables][\/et_pb_column][et_pb_column type=\u00bb1_3&#8243; _builder_version=\u00bb3.25&#8243; custom_padding=\u00bb|||\u00bb custom_padding__hover=\u00bb|||\u00bb][et_pb_pricing_tables featured_table_bullet_color=\u00bb#ffffff\u00bb bullet_color=\u00bb#ffffff\u00bb _builder_version=\u00bb4.6.4&#8243; _module_preset=\u00bbdefault\u00bb][et_pb_pricing_table featured=\u00bbon\u00bb title=\u00bbFototortas\u00bb subtitle=\u00bbDesde\u00bb currency=\u00bbS\/.\u00bb sum=\u00bb165&#8243; button_url=\u00bbhttps:\/\/api.whatsapp.com\/send\/?phone=51933898696&#038;text=Hola%2C+quiero+una+fototorta+personalizada&#038;type=phone_number&#038;app_absent=0&#8243; button_text=\u00bbContratar\u00bb _builder_version=\u00bb4.6.4&#8243; _module_preset=\u00bbdefault\u00bb body_line_height=\u00bb1em\u00bb sticky_transition=\u00bbon\u00bb]<\/p>\n<p><img loading=\"lazy\" decoding=\"async\" src=\"https:\/\/alfieripasteleria.com\/www\/wp-content\/uploads\/2023\/07\/13-300x300.jpg\" width=\"300\" height=\"300\" alt=\"\" class=\"wp-image-395 alignnone size-medium\" \/><\/p>\n<p>12 porciones a S\/. 165<\/p>\n<p>20 porciones a S\/. 195<\/p>\n<p>30 porciones a S\/. 270<\/p>\n<p>[\/et_pb_pricing_table][\/et_pb_pricing_tables][\/et_pb_column][\/et_pb_row][et_pb_row column_structure=\u00bb1_3,1_3,1_3&#8243; admin_label=\u00bbrow\u00bb _builder_version=\u00bb3.25&#8243; background_size=\u00bbinitial\u00bb background_position=\u00bbtop_left\u00bb background_repeat=\u00bbrepeat\u00bb][et_pb_column type=\u00bb1_3&#8243; _builder_version=\u00bb3.25&#8243; custom_padding=\u00bb|||\u00bb custom_padding__hover=\u00bb|||\u00bb][et_pb_pricing_tables featured_table_bullet_color=\u00bb#ffffff\u00bb bullet_color=\u00bb#ffffff\u00bb _builder_version=\u00bb4.6.4&#8243; _module_preset=\u00bbdefault\u00bb body_line_height=\u00bb1em\u00bb][et_pb_pricing_table featured=\u00bbon\u00bb title=\u00bbLetter y Number Cake\u00bb subtitle=\u00bbDesde\u00bb currency=\u00bbS\/.\u00bb sum=\u00bb175&#8243; button_url=\u00bbhttps:\/\/api.whatsapp.com\/send\/?phone=51933898696&#038;text=Hola%2C+quiero+un+letter+y+Number+Cake&#038;type=phone_number&#038;app_absent=0&#8243; button_text=\u00bbContratar\u00bb _builder_version=\u00bb4.6.4&#8243; _module_preset=\u00bbdefault\u00bb sticky_transition=\u00bbon\u00bb]<\/p>\n<p><img loading=\"lazy\" decoding=\"async\" src=\"https:\/\/alfieripasteleria.com\/www\/wp-content\/uploads\/2023\/07\/14-300x300.jpg\" width=\"300\" height=\"300\" alt=\"\" class=\"wp-image-392 alignnone size-medium\" \/><\/p>\n<p>16 porciones a S\/. 175<\/p>\n<p>20 porciones a S\/. 200<\/p>\n<p>30 porciones a S\/. 275<\/p>\n<p>&nbsp;<\/p>\n<p>[\/et_pb_pricing_table][\/et_pb_pricing_tables][\/et_pb_column][et_pb_column type=\u00bb1_3&#8243; _builder_version=\u00bb3.25&#8243; custom_padding=\u00bb|||\u00bb custom_padding__hover=\u00bb|||\u00bb][et_pb_pricing_tables featured_table_bullet_color=\u00bb#ffffff\u00bb bullet_color=\u00bb#ffffff\u00bb _builder_version=\u00bb4.6.4&#8243; _module_preset=\u00bbdefault\u00bb body_line_height=\u00bb1em\u00bb][et_pb_pricing_table featured=\u00bbon\u00bb title=\u00bbBola de oro\u00bb subtitle=\u00bbDesde\u00bb currency=\u00bbS\/.\u00bb sum=\u00bb100&#8243; button_url=\u00bbhttps:\/\/api.whatsapp.com\/send\/?phone=51933898696&#038;text=Hola%2C+quiero+una+bola+de+oro\u00bb button_text=\u00bbContratar\u00bb _builder_version=\u00bb4.6.4&#8243; _module_preset=\u00bbdefault\u00bb sticky_transition=\u00bbon\u00bb]<\/p>\n<p><img loading=\"lazy\" decoding=\"async\" src=\"https:\/\/alfieripasteleria.com\/www\/wp-content\/uploads\/2023\/07\/5-300x300.jpg\" width=\"300\" height=\"300\" alt=\"\" class=\"wp-image-383 alignnone size-medium\" \/><\/p>\n<p>08 porciones a S\/. 100<\/p>\n<p>12 porciones a S\/. 150<\/p>\n<p>16 porciones a S\/. 195<\/p>\n<p>20 porciones a S\/. 240<\/p>\n<p>[\/et_pb_pricing_table][\/et_pb_pricing_tables][\/et_pb_column][et_pb_column type=\u00bb1_3&#8243; _builder_version=\u00bb3.25&#8243; custom_padding=\u00bb|||\u00bb custom_padding__hover=\u00bb|||\u00bb][\/et_pb_column][\/et_pb_row][\/et_pb_section]<\/p>\n","protected":false},"excerpt":{"rendered":"<p>[et_pb_section fb_built=\u00bb1&#8243; admin_label=\u00bbsection\u00bb _builder_version=\u00bb4.6.4&#8243; custom_margin=\u00bb||-68px||false|false\u00bb][et_pb_row admin_label=\u00bbrow\u00bb _builder_version=\u00bb3.25&#8243; background_size=\u00bbinitial\u00bb background_position=\u00bbtop_left\u00bb background_repeat=\u00bbrepeat\u00bb][et_pb_column type=\u00bb4_4&#8243; _builder_version=\u00bb3.25&#8243; custom_padding=\u00bb|||\u00bb custom_padding__hover=\u00bb|||\u00bb][et_pb_slider _builder_version=\u00bb4.6.4&#8243; _module_preset=\u00bbdefault\u00bb][et_pb_slide heading=\u00bbEl taller de Alfieri\u00bb image=\u00bbhttps:\/\/alfieripasteleria.com\/www\/wp-content\/uploads\/2023\/07\/16.jpg\u00bb _builder_version=\u00bb4.6.4&#8243; _module_preset=\u00bbdefault\u00bb sticky_transition=\u00bbon\u00bb] En Alfieri dise\u00f1amos Tortas para ocasiones especiales con m\u00e1ximo cuidado y cari\u00f1o para que tu evento salga perfecto [\/et_pb_slide][\/et_pb_slider][et_pb_text _builder_version=\u00bb4.6.4&#8243; _module_preset=\u00bbdefault\u00bb] PROCESO DE CONTRATACI\u00d3N Queremos guiarte en el proceso para encargar [&hellip;]<\/p>\n","protected":false},"author":1,"featured_media":0,"parent":0,"menu_order":0,"comment_status":"closed","ping_status":"closed","template":"","meta":{"_et_pb_use_builder":"on","_et_pb_old_content":"","_et_gb_content_width":"","_joinchat":[],"footnotes":""},"class_list":["post-366","page","type-page","status-publish","hentry"],"_links":{"self":[{"href":"https:\/\/alfieripasteleria.com\/www\/wp-json\/wp\/v2\/pages\/366","targetHints":{"allow":["GET"]}}],"collection":[{"href":"https:\/\/alfieripasteleria.com\/www\/wp-json\/wp\/v2\/pages"}],"about":[{"href":"https:\/\/alfieripasteleria.com\/www\/wp-json\/wp\/v2\/types\/page"}],"author":[{"embeddable":true,"href":"https:\/\/alfieripasteleria.com\/www\/wp-json\/wp\/v2\/users\/1"}],"replies":[{"embeddable":true,"href":"https:\/\/alfieripasteleria.com\/www\/wp-json\/wp\/v2\/comments?post=366"}],"version-history":[{"count":16,"href":"https:\/\/alfieripasteleria.com\/www\/wp-json\/wp\/v2\/pages\/366\/revisions"}],"predecessor-version":[{"id":619,"href":"https:\/\/alfieripasteleria.com\/www\/wp-json\/wp\/v2\/pages\/366\/revisions\/619"}],"wp:attachment":[{"href":"https:\/\/alfieripasteleria.com\/www\/wp-json\/wp\/v2\/media?parent=366"}],"curies":[{"name":"wp","href":"https:\/\/api.w.org\/{rel}","templated":true}]}}